{"id":82280,"date":"2026-03-14T17:51:33","date_gmt":"2026-03-14T16:51:33","guid":{"rendered":"https:\/\/www.guibutik.pt\/loja\/?post_type=product&#038;p=82280"},"modified":"2026-04-20T18:52:30","modified_gmt":"2026-04-20T17:52:30","slug":"sapatilha-squad-s-skechers","status":"publish","type":"product","link":"https:\/\/www.guibutik.pt\/loja\/produto\/sapatilha-squad-s-skechers\/","title":{"rendered":"Sapatilha Squad S Skechers"},"content":{"rendered":"<p>Conforto e prote\u00e7\u00e3o combinam-se com um estilo de f\u00e1cil utiliza\u00e7\u00e3o nestas Skechers Work\u2122: Squad SR. Este modelo utilit\u00e1rio desportivo tem parte superior macia em malha e material sint\u00e9tico, atacadores el\u00e1sticos na frente, sola de tra\u00e7\u00e3o antiderrapante e palmilhas almofadadas Skechers Memory Foam\u2122.<\/p>\n<p><img loading=\"lazy\" decoding=\"async\" src=\"https:\/\/www.skechers.pt\/on\/demandware.static\/-\/Library-Sites-SkechersSharedLibrary\/default\/dw19b5cd12\/images\/product\/highlights\/memory_foam_color.svg\" alt=\"Memory Foam\" width=\"100\" height=\"100\" data-loading=\"lazy\" \/>Memory Foam<\/p>\n<div class=\"c-product-features-details__detail description collapsible-md d-lg-block col-12 col-lg-4\">\n<h2 class=\"c-product-features-details__title title d-none d-md-block\">Principais funcionalidades<\/h2>\n<ul class=\"c-product-features-details__bullets content value\">\n<li class=\"c-product-features-details__bullet\">Confort\u00e1veis palmilhas almofadadas Skechers Memory Foam\u2122<\/li>\n<li class=\"c-product-features-details__bullet\">(SRC) Sola exterior de tra\u00e7\u00e3o antiderrapante com resist\u00eancia a \u00f3leo e petr\u00f3leo<\/li>\n<li class=\"c-product-features-details__bullet\">EN ISO 20347:2022<\/li>\n<li class=\"c-product-features-details__bullet\">OB E FO SRC<\/li>\n<\/ul>\n<\/div>\n<div class=\"c-product-features-details__detail details collapsible-md d-lg-block col-12 col-lg-4\">\n<h2 class=\"c-product-features-details__title title d-none d-md-block\">Detalhes do design<\/h2>\n<ul class=\"c-product-features-details__bullets content value\">\n<li class=\"c-product-features-details__bullet\">Design desportivo de utilit\u00e1rios de trabalho<\/li>\n<li class=\"c-product-features-details__bullet\">Parte superior em malha macia e material sint\u00e9tico com atacadores el\u00e1sticos \u00e0 frente<\/li>\n<li class=\"c-product-features-details__bullet\">Calcanhar de 3,2 cm<\/li>\n<li class=\"c-product-features-details__bullet\">Log\u00f3tipo Skechers vis\u00edvel<\/li>\n<\/ul>\n<\/div>\n<div class=\"c-product-features-details__detail details js-product-materials collapsible-md d-lg-block col-12 col-lg-4\">\n<h2 class=\"c-product-features-details__title title d-none d-md-block\">Materiais<\/h2>\n<ul class=\"c-product-features-details__bullets content value\">\n<li class=\"c-product-features-details__bullet\">\n<p id=\"tw-target-text\" class=\"tw-data-text tw-text-large tw-ta\" dir=\"ltr\" tabindex=\"-1\" role=\"text\" data-placeholder=\"Tradu\u00e7\u00e3o\" data-ved=\"2ahUKEwi2w5Py55-TAxWVU6QEHSzXBdkQ3ewLegQIBBAW\" aria-label=\"Texto traduzido: Sola: SINT\u00c9TICA Cabedal: T\u00caXTIL, SINT\u00c9TICO Palmilha: T\u00caXTIL\"><span class=\"Y2IQFc\" lang=\"pt\">Sola: SINT\u00c9TICA <\/span><\/p>\n<\/li>\n<li class=\"c-product-features-details__bullet\">\n<p id=\"tw-target-text\" class=\"tw-data-text tw-text-large tw-ta\" dir=\"ltr\" tabindex=\"-1\" role=\"text\" data-placeholder=\"Tradu\u00e7\u00e3o\" data-ved=\"2ahUKEwi2w5Py55-TAxWVU6QEHSzXBdkQ3ewLegQIBBAW\" aria-label=\"Texto traduzido: Sola: SINT\u00c9TICA Cabedal: T\u00caXTIL, SINT\u00c9TICO Palmilha: T\u00caXTIL\"><span class=\"Y2IQFc\" lang=\"pt\">Cabedal: T\u00caXTIL, SINT\u00c9TICO <\/span><\/p>\n<\/li>\n<li class=\"c-product-features-details__bullet\">\n<p id=\"tw-target-text\" class=\"tw-data-text tw-text-large tw-ta\" dir=\"ltr\" tabindex=\"-1\" role=\"text\" data-placeholder=\"Tradu\u00e7\u00e3o\" data-ved=\"2ahUKEwi2w5Py55-TAxWVU6QEHSzXBdkQ3ewLegQIBBAW\" aria-label=\"Texto traduzido: Sola: SINT\u00c9TICA Cabedal: T\u00caXTIL, SINT\u00c9TICO Palmilha: T\u00caXTIL\"><span class=\"Y2IQFc\" lang=\"pt\">Palmilha: T\u00caXTIL<\/span><\/p>\n<\/li>\n<\/ul>\n<\/div>\n","protected":false},"excerpt":{"rendered":"<p>Conforto e prote\u00e7\u00e3o combinam-se com um estilo de f\u00e1cil utiliza\u00e7\u00e3o nestas Skechers Work\u2122: Squad SR. Este modelo utilit\u00e1rio desportivo tem parte superior macia em malha e material sint\u00e9tico, atacadores el\u00e1sticos na frente, sola de tra\u00e7\u00e3o antiderrapante e palmilhas almofadadas Skechers Memory Foam\u2122. Memory Foam Principais funcionalidades Confort\u00e1veis palmilhas almofadadas Skechers Memory Foam\u2122 (SRC) Sola exterior [&hellip;]<\/p>\n","protected":false},"featured_media":82297,"comment_status":"closed","ping_status":"closed","template":"","meta":[],"product_cat":[291,222],"product_tag":[],"class_list":{"0":"post-82280","1":"product","2":"type-product","3":"status-publish","4":"has-post-thumbnail","6":"product_cat-calcado-senhora","7":"product_cat-senhora","8":"ts_product_brand-skechers","10":"first","11":"instock","12":"shipping-taxable","13":"purchasable","14":"product-type-variable"},"yoast_head":"<!-- This site is optimized with the Yoast SEO plugin v27.5 - https:\/\/yoast.com\/product\/yoast-seo-wordpress\/ -->\n<title>Sapatilha Squad S Skechers - Guibutik<\/title>\n<meta name=\"robots\" content=\"index, follow, max-snippet:-1, max-image-preview:large, max-video-preview:-1\" \/>\n<link rel=\"canonical\" href=\"https:\/\/www.guibutik.pt\/loja\/produto\/sapatilha-squad-s-skechers\/\" \/>\n<meta property=\"og:locale\" content=\"pt_PT\" \/>\n<meta property=\"og:type\" content=\"article\" \/>\n<meta property=\"og:title\" content=\"Sapatilha Squad S Skechers - Guibutik\" \/>\n<meta property=\"og:description\" content=\"Conforto e prote\u00e7\u00e3o combinam-se com um estilo de f\u00e1cil utiliza\u00e7\u00e3o nestas Skechers Work\u2122: Squad SR. Este modelo utilit\u00e1rio desportivo tem parte superior macia em malha e material sint\u00e9tico, atacadores el\u00e1sticos na frente, sola de tra\u00e7\u00e3o antiderrapante e palmilhas almofadadas Skechers Memory Foam\u2122. Memory Foam Principais funcionalidades Confort\u00e1veis palmilhas almofadadas Skechers Memory Foam\u2122 (SRC) Sola exterior [&hellip;]\" \/>\n<meta property=\"og:url\" content=\"https:\/\/www.guibutik.pt\/loja\/produto\/sapatilha-squad-s-skechers\/\" \/>\n<meta property=\"og:site_name\" content=\"Guibutik\" \/>\n<meta property=\"article:publisher\" content=\"https:\/\/www.facebook.com\/guibutik\/\" \/>\n<meta property=\"article:modified_time\" content=\"2026-04-20T17:52:30+00:00\" \/>\n<meta property=\"og:image\" content=\"https:\/\/www.guibutik.pt\/loja\/wp-content\/uploads\/2026\/03\/77222EC_TPE_HERO_LG.jpg\" \/>\n\t<meta property=\"og:image:width\" content=\"800\" \/>\n\t<meta property=\"og:image:height\" content=\"708\" \/>\n\t<meta property=\"og:image:type\" content=\"image\/jpeg\" \/>\n<meta name=\"twitter:card\" content=\"summary_large_image\" \/>\n<meta name=\"twitter:label1\" content=\"Tempo estimado de leitura\" \/>\n\t<meta name=\"twitter:data1\" content=\"1 minuto\" \/>\n<script type=\"application\/ld+json\" class=\"yoast-schema-graph\">{\"@context\":\"https:\\\/\\\/schema.org\",\"@graph\":[{\"@type\":\"WebPage\",\"@id\":\"https:\\\/\\\/www.guibutik.pt\\\/loja\\\/produto\\\/sapatilha-squad-s-skechers\\\/\",\"url\":\"https:\\\/\\\/www.guibutik.pt\\\/loja\\\/produto\\\/sapatilha-squad-s-skechers\\\/\",\"name\":\"Sapatilha Squad S Skechers - Guibutik\",\"isPartOf\":{\"@id\":\"https:\\\/\\\/www.guibutik.pt\\\/loja\\\/#website\"},\"primaryImageOfPage\":{\"@id\":\"https:\\\/\\\/www.guibutik.pt\\\/loja\\\/produto\\\/sapatilha-squad-s-skechers\\\/#primaryimage\"},\"image\":{\"@id\":\"https:\\\/\\\/www.guibutik.pt\\\/loja\\\/produto\\\/sapatilha-squad-s-skechers\\\/#primaryimage\"},\"thumbnailUrl\":\"https:\\\/\\\/www.guibutik.pt\\\/loja\\\/wp-content\\\/uploads\\\/2026\\\/03\\\/77222EC_TPE_HERO_LG.jpg\",\"datePublished\":\"2026-03-14T16:51:33+00:00\",\"dateModified\":\"2026-04-20T17:52:30+00:00\",\"breadcrumb\":{\"@id\":\"https:\\\/\\\/www.guibutik.pt\\\/loja\\\/produto\\\/sapatilha-squad-s-skechers\\\/#breadcrumb\"},\"inLanguage\":\"pt-PT\",\"potentialAction\":[{\"@type\":\"ReadAction\",\"target\":[\"https:\\\/\\\/www.guibutik.pt\\\/loja\\\/produto\\\/sapatilha-squad-s-skechers\\\/\"]}]},{\"@type\":\"ImageObject\",\"inLanguage\":\"pt-PT\",\"@id\":\"https:\\\/\\\/www.guibutik.pt\\\/loja\\\/produto\\\/sapatilha-squad-s-skechers\\\/#primaryimage\",\"url\":\"https:\\\/\\\/www.guibutik.pt\\\/loja\\\/wp-content\\\/uploads\\\/2026\\\/03\\\/77222EC_TPE_HERO_LG.jpg\",\"contentUrl\":\"https:\\\/\\\/www.guibutik.pt\\\/loja\\\/wp-content\\\/uploads\\\/2026\\\/03\\\/77222EC_TPE_HERO_LG.jpg\",\"width\":800,\"height\":708},{\"@type\":\"BreadcrumbList\",\"@id\":\"https:\\\/\\\/www.guibutik.pt\\\/loja\\\/produto\\\/sapatilha-squad-s-skechers\\\/#breadcrumb\",\"itemListElement\":[{\"@type\":\"ListItem\",\"position\":1,\"name\":\"In\u00edcio\",\"item\":\"https:\\\/\\\/www.guibutik.pt\\\/loja\\\/\"},{\"@type\":\"ListItem\",\"position\":2,\"name\":\"Loja\",\"item\":\"https:\\\/\\\/www.guibutik.pt\\\/loja\\\/shop\\\/\"},{\"@type\":\"ListItem\",\"position\":3,\"name\":\"Sapatilha Squad S Skechers\"}]},{\"@type\":\"WebSite\",\"@id\":\"https:\\\/\\\/www.guibutik.pt\\\/loja\\\/#website\",\"url\":\"https:\\\/\\\/www.guibutik.pt\\\/loja\\\/\",\"name\":\"Guibutik\",\"description\":\"Moda e Sapataria\",\"potentialAction\":[{\"@type\":\"SearchAction\",\"target\":{\"@type\":\"EntryPoint\",\"urlTemplate\":\"https:\\\/\\\/www.guibutik.pt\\\/loja\\\/?s={search_term_string}\"},\"query-input\":{\"@type\":\"PropertyValueSpecification\",\"valueRequired\":true,\"valueName\":\"search_term_string\"}}],\"inLanguage\":\"pt-PT\"}]}<\/script>\n<!-- \/ Yoast SEO plugin. -->","yoast_head_json":{"title":"Sapatilha Squad S Skechers - Guibutik","robots":{"index":"index","follow":"follow","max-snippet":"max-snippet:-1","max-image-preview":"max-image-preview:large","max-video-preview":"max-video-preview:-1"},"canonical":"https:\/\/www.guibutik.pt\/loja\/produto\/sapatilha-squad-s-skechers\/","og_locale":"pt_PT","og_type":"article","og_title":"Sapatilha Squad S Skechers - Guibutik","og_description":"Conforto e prote\u00e7\u00e3o combinam-se com um estilo de f\u00e1cil utiliza\u00e7\u00e3o nestas Skechers Work\u2122: Squad SR. Este modelo utilit\u00e1rio desportivo tem parte superior macia em malha e material sint\u00e9tico, atacadores el\u00e1sticos na frente, sola de tra\u00e7\u00e3o antiderrapante e palmilhas almofadadas Skechers Memory Foam\u2122. Memory Foam Principais funcionalidades Confort\u00e1veis palmilhas almofadadas Skechers Memory Foam\u2122 (SRC) Sola exterior [&hellip;]","og_url":"https:\/\/www.guibutik.pt\/loja\/produto\/sapatilha-squad-s-skechers\/","og_site_name":"Guibutik","article_publisher":"https:\/\/www.facebook.com\/guibutik\/","article_modified_time":"2026-04-20T17:52:30+00:00","og_image":[{"width":800,"height":708,"url":"https:\/\/www.guibutik.pt\/loja\/wp-content\/uploads\/2026\/03\/77222EC_TPE_HERO_LG.jpg","type":"image\/jpeg"}],"twitter_card":"summary_large_image","twitter_misc":{"Tempo estimado de leitura":"1 minuto"},"schema":{"@context":"https:\/\/schema.org","@graph":[{"@type":"WebPage","@id":"https:\/\/www.guibutik.pt\/loja\/produto\/sapatilha-squad-s-skechers\/","url":"https:\/\/www.guibutik.pt\/loja\/produto\/sapatilha-squad-s-skechers\/","name":"Sapatilha Squad S Skechers - Guibutik","isPartOf":{"@id":"https:\/\/www.guibutik.pt\/loja\/#website"},"primaryImageOfPage":{"@id":"https:\/\/www.guibutik.pt\/loja\/produto\/sapatilha-squad-s-skechers\/#primaryimage"},"image":{"@id":"https:\/\/www.guibutik.pt\/loja\/produto\/sapatilha-squad-s-skechers\/#primaryimage"},"thumbnailUrl":"https:\/\/www.guibutik.pt\/loja\/wp-content\/uploads\/2026\/03\/77222EC_TPE_HERO_LG.jpg","datePublished":"2026-03-14T16:51:33+00:00","dateModified":"2026-04-20T17:52:30+00:00","breadcrumb":{"@id":"https:\/\/www.guibutik.pt\/loja\/produto\/sapatilha-squad-s-skechers\/#breadcrumb"},"inLanguage":"pt-PT","potentialAction":[{"@type":"ReadAction","target":["https:\/\/www.guibutik.pt\/loja\/produto\/sapatilha-squad-s-skechers\/"]}]},{"@type":"ImageObject","inLanguage":"pt-PT","@id":"https:\/\/www.guibutik.pt\/loja\/produto\/sapatilha-squad-s-skechers\/#primaryimage","url":"https:\/\/www.guibutik.pt\/loja\/wp-content\/uploads\/2026\/03\/77222EC_TPE_HERO_LG.jpg","contentUrl":"https:\/\/www.guibutik.pt\/loja\/wp-content\/uploads\/2026\/03\/77222EC_TPE_HERO_LG.jpg","width":800,"height":708},{"@type":"BreadcrumbList","@id":"https:\/\/www.guibutik.pt\/loja\/produto\/sapatilha-squad-s-skechers\/#breadcrumb","itemListElement":[{"@type":"ListItem","position":1,"name":"In\u00edcio","item":"https:\/\/www.guibutik.pt\/loja\/"},{"@type":"ListItem","position":2,"name":"Loja","item":"https:\/\/www.guibutik.pt\/loja\/shop\/"},{"@type":"ListItem","position":3,"name":"Sapatilha Squad S Skechers"}]},{"@type":"WebSite","@id":"https:\/\/www.guibutik.pt\/loja\/#website","url":"https:\/\/www.guibutik.pt\/loja\/","name":"Guibutik","description":"Moda e Sapataria","potentialAction":[{"@type":"SearchAction","target":{"@type":"EntryPoint","urlTemplate":"https:\/\/www.guibutik.pt\/loja\/?s={search_term_string}"},"query-input":{"@type":"PropertyValueSpecification","valueRequired":true,"valueName":"search_term_string"}}],"inLanguage":"pt-PT"}]}},"_links":{"self":[{"href":"https:\/\/www.guibutik.pt\/loja\/wp-json\/wp\/v2\/product\/82280","targetHints":{"allow":["GET"]}}],"collection":[{"href":"https:\/\/www.guibutik.pt\/loja\/wp-json\/wp\/v2\/product"}],"about":[{"href":"https:\/\/www.guibutik.pt\/loja\/wp-json\/wp\/v2\/types\/product"}],"replies":[{"embeddable":true,"href":"https:\/\/www.guibutik.pt\/loja\/wp-json\/wp\/v2\/comments?post=82280"}],"wp:featuredmedia":[{"embeddable":true,"href":"https:\/\/www.guibutik.pt\/loja\/wp-json\/wp\/v2\/media\/82297"}],"wp:attachment":[{"href":"https:\/\/www.guibutik.pt\/loja\/wp-json\/wp\/v2\/media?parent=82280"}],"wp:term":[{"taxonomy":"product_cat","embeddable":true,"href":"https:\/\/www.guibutik.pt\/loja\/wp-json\/wp\/v2\/product_cat?post=82280"},{"taxonomy":"product_tag","embeddable":true,"href":"https:\/\/www.guibutik.pt\/loja\/wp-json\/wp\/v2\/product_tag?post=82280"}],"curies":[{"name":"wp","href":"https:\/\/api.w.org\/{rel}","templated":true}]}}