{"id":81809,"date":"2026-03-12T12:45:05","date_gmt":"2026-03-12T11:45:05","guid":{"rendered":"https:\/\/www.guibutik.pt\/loja\/?post_type=product&#038;p=81809"},"modified":"2026-03-21T19:45:29","modified_gmt":"2026-03-21T18:45:29","slug":"sapatilha-wave-m-skechers-2","status":"publish","type":"product","link":"https:\/\/www.guibutik.pt\/loja\/produto\/sapatilha-wave-m-skechers-2\/","title":{"rendered":"Sapatilha Wave M Skechers"},"content":{"rendered":"<p>Acrescenta amortecimento extra confort\u00e1vel a um estilo desportivo com as Skechers Wave 92. Este design ativo tem a parte superior em rede com atacadores el\u00e1sticos, uma tira ajust\u00e1vel no peito do p\u00e9 e palmilhas almofadadas confort\u00e1veis.<\/p>\n<div class=\"slick-slide slick-current slick-active\" data-slick-index=\"0\" aria-hidden=\"false\">\n<div>\n<figure class=\"c-product-highlights__item col-lg-2 contentasset-product-highlight-adaptive-closure\"><img loading=\"lazy\" decoding=\"async\" src=\"https:\/\/www.skechers.pt\/on\/demandware.static\/-\/Library-Sites-SkechersSharedLibrary\/default\/dw069bbbdc\/images\/product\/highlights\/adaptive-closure.svg\" alt=\"Adaptive Closure\" width=\"100\" height=\"100\" data-loading=\"lazy\" \/><figcaption class=\"c-product-highlights__item__heading\">Adaptive Closure<\/figcaption><\/figure>\n<\/div>\n<\/div>\n<div class=\"slick-slide slick-active\" data-slick-index=\"1\" aria-hidden=\"false\">\n<figure class=\"c-product-highlights__item col-lg-2 contentasset-product-highlight-machine-washable\"><img loading=\"lazy\" decoding=\"async\" src=\"https:\/\/www.skechers.pt\/on\/demandware.static\/-\/Library-Sites-SkechersSharedLibrary\/default\/dwf22ce62e\/images\/product\/highlights\/machine_washable_color.svg\" alt=\"Machine Washable\" width=\"100\" height=\"100\" data-loading=\"lazy\" \/><figcaption class=\"c-product-highlights__item__heading\">Machine Washable<\/p>\n<div class=\"c-product-features-details__detail description collapsible-md d-lg-block col-12 col-lg-4 active\">\n<h2 class=\"c-product-features-details__title title d-none d-md-block\" aria-expanded=\"true\">Principais funcionalidades<\/h2>\n<ul class=\"c-product-features-details__bullets content value\">\n<li class=\"c-product-features-details__bullet\">Fecho Adaptativo Skechers simples de p\u00f4r e tirar, para um ajuste personalizado<\/li>\n<li class=\"c-product-features-details__bullet\">Palmilhas confort\u00e1veis com amortecimento<\/li>\n<\/ul>\n<\/div>\n<div class=\"c-product-features-details__detail details collapsible-md d-lg-block col-12 col-lg-4\">\n<h2 class=\"c-product-features-details__title title d-none d-md-block\">Detalhes do design<\/h2>\n<ul class=\"c-product-features-details__bullets content value\">\n<li class=\"c-product-features-details__bullet\">Parte superior em rede, atacadores el\u00e1sticos e tira ajust\u00e1vel no peito do p\u00e9<\/li>\n<li class=\"c-product-features-details__bullet\">Sola exterior de tra\u00e7\u00e3o flex\u00edvel<\/li>\n<li class=\"c-product-features-details__bullet\">Lav\u00e1vel \u00e0 m\u00e1quina<\/li>\n<li class=\"c-product-features-details__bullet\">Log\u00f3tipo Skechers\u00ae vis\u00edvel<\/li>\n<\/ul>\n<\/div>\n<div class=\"c-product-features-details__detail details js-product-materials collapsible-md d-lg-block col-12 col-lg-4\">\n<h2 class=\"c-product-features-details__title title d-none d-md-block\">Materiais<\/h2>\n<ul class=\"c-product-features-details__bullets content value\">\n<li class=\"c-product-features-details__bullet\">\n<p id=\"tw-target-text\" class=\"tw-data-text tw-text-large tw-ta\" dir=\"ltr\" tabindex=\"-1\" role=\"text\" data-placeholder=\"Tradu\u00e7\u00e3o\" data-ved=\"2ahUKEwiPg77JmJqTAxWC87sIHRejPEsQ3ewLegQIBBAW\" aria-label=\"Texto traduzido: Sola: SINT\u00c9TICA Cabedal: T\u00caXTIL, SINT\u00c9TICO Palmilha: T\u00caXTIL\"><span class=\"Y2IQFc\" lang=\"pt\">Sola: SINT\u00c9TICA <\/span><\/p>\n<\/li>\n<li class=\"c-product-features-details__bullet\">\n<p id=\"tw-target-text\" class=\"tw-data-text tw-text-large tw-ta\" dir=\"ltr\" tabindex=\"-1\" role=\"text\" data-placeholder=\"Tradu\u00e7\u00e3o\" data-ved=\"2ahUKEwiPg77JmJqTAxWC87sIHRejPEsQ3ewLegQIBBAW\" aria-label=\"Texto traduzido: Sola: SINT\u00c9TICA Cabedal: T\u00caXTIL, SINT\u00c9TICO Palmilha: T\u00caXTIL\"><span class=\"Y2IQFc\" lang=\"pt\">Cabedal: T\u00caXTIL, SINT\u00c9TICO <\/span><\/p>\n<\/li>\n<li class=\"c-product-features-details__bullet\">\n<p id=\"tw-target-text\" class=\"tw-data-text tw-text-large tw-ta\" dir=\"ltr\" tabindex=\"-1\" role=\"text\" data-placeholder=\"Tradu\u00e7\u00e3o\" data-ved=\"2ahUKEwiPg77JmJqTAxWC87sIHRejPEsQ3ewLegQIBBAW\" aria-label=\"Texto traduzido: Sola: SINT\u00c9TICA Cabedal: T\u00caXTIL, SINT\u00c9TICO Palmilha: T\u00caXTIL\"><span class=\"Y2IQFc\" lang=\"pt\">Palmilha: T\u00caXTIL<\/span><\/p>\n<\/li>\n<\/ul>\n<\/div>\n<\/figcaption><\/figure>\n<\/div>\n","protected":false},"excerpt":{"rendered":"<p>Acrescenta amortecimento extra confort\u00e1vel a um estilo desportivo com as Skechers Wave 92. Este design ativo tem a parte superior em rede com atacadores el\u00e1sticos, uma tira ajust\u00e1vel no peito do p\u00e9 e palmilhas almofadadas confort\u00e1veis. Adaptive Closure Machine Washable Principais funcionalidades Fecho Adaptativo Skechers simples de p\u00f4r e tirar, para um ajuste personalizado Palmilhas [&hellip;]<\/p>\n","protected":false},"featured_media":81810,"comment_status":"closed","ping_status":"closed","template":"","meta":[],"product_cat":[296,267,236,550],"product_tag":[],"class_list":{"0":"post-81809","1":"product","2":"type-product","3":"status-publish","4":"has-post-thumbnail","6":"product_cat-calcado-menina","7":"product_cat-crianca","8":"product_cat-menina","9":"product_cat-sapatilha","10":"ts_product_brand-skechers","12":"first","13":"instock","14":"shipping-taxable","15":"purchasable","16":"product-type-variable"},"yoast_head":"<!-- This site is optimized with the Yoast SEO plugin v27.4 - https:\/\/yoast.com\/product\/yoast-seo-wordpress\/ -->\n<title>Sapatilha Wave M Skechers - Guibutik<\/title>\n<meta name=\"robots\" content=\"index, follow, max-snippet:-1, max-image-preview:large, max-video-preview:-1\" \/>\n<link rel=\"canonical\" href=\"https:\/\/www.guibutik.pt\/loja\/produto\/sapatilha-wave-m-skechers-2\/\" \/>\n<meta property=\"og:locale\" content=\"pt_PT\" \/>\n<meta property=\"og:type\" content=\"article\" \/>\n<meta property=\"og:title\" content=\"Sapatilha Wave M Skechers - Guibutik\" \/>\n<meta property=\"og:description\" content=\"Acrescenta amortecimento extra confort\u00e1vel a um estilo desportivo com as Skechers Wave 92. Este design ativo tem a parte superior em rede com atacadores el\u00e1sticos, uma tira ajust\u00e1vel no peito do p\u00e9 e palmilhas almofadadas confort\u00e1veis. Adaptive Closure Machine Washable Principais funcionalidades Fecho Adaptativo Skechers simples de p\u00f4r e tirar, para um ajuste personalizado Palmilhas [&hellip;]\" \/>\n<meta property=\"og:url\" content=\"https:\/\/www.guibutik.pt\/loja\/produto\/sapatilha-wave-m-skechers-2\/\" \/>\n<meta property=\"og:site_name\" content=\"Guibutik\" \/>\n<meta property=\"article:publisher\" content=\"https:\/\/www.facebook.com\/guibutik\/\" \/>\n<meta property=\"article:modified_time\" content=\"2026-03-21T18:45:29+00:00\" \/>\n<meta property=\"og:image\" content=\"https:\/\/www.guibutik.pt\/loja\/wp-content\/uploads\/2026\/03\/303557L.jpg\" \/>\n\t<meta property=\"og:image:width\" content=\"800\" \/>\n\t<meta property=\"og:image:height\" content=\"708\" \/>\n\t<meta property=\"og:image:type\" content=\"image\/jpeg\" \/>\n<meta name=\"twitter:card\" content=\"summary_large_image\" \/>\n<meta name=\"twitter:label1\" content=\"Tempo estimado de leitura\" \/>\n\t<meta name=\"twitter:data1\" content=\"2 minutos\" \/>\n<script type=\"application\/ld+json\" class=\"yoast-schema-graph\">{\"@context\":\"https:\\\/\\\/schema.org\",\"@graph\":[{\"@type\":\"WebPage\",\"@id\":\"https:\\\/\\\/www.guibutik.pt\\\/loja\\\/produto\\\/sapatilha-wave-m-skechers-2\\\/\",\"url\":\"https:\\\/\\\/www.guibutik.pt\\\/loja\\\/produto\\\/sapatilha-wave-m-skechers-2\\\/\",\"name\":\"Sapatilha Wave M Skechers - Guibutik\",\"isPartOf\":{\"@id\":\"https:\\\/\\\/www.guibutik.pt\\\/loja\\\/#website\"},\"primaryImageOfPage\":{\"@id\":\"https:\\\/\\\/www.guibutik.pt\\\/loja\\\/produto\\\/sapatilha-wave-m-skechers-2\\\/#primaryimage\"},\"image\":{\"@id\":\"https:\\\/\\\/www.guibutik.pt\\\/loja\\\/produto\\\/sapatilha-wave-m-skechers-2\\\/#primaryimage\"},\"thumbnailUrl\":\"https:\\\/\\\/www.guibutik.pt\\\/loja\\\/wp-content\\\/uploads\\\/2026\\\/03\\\/303557L.jpg\",\"datePublished\":\"2026-03-12T11:45:05+00:00\",\"dateModified\":\"2026-03-21T18:45:29+00:00\",\"breadcrumb\":{\"@id\":\"https:\\\/\\\/www.guibutik.pt\\\/loja\\\/produto\\\/sapatilha-wave-m-skechers-2\\\/#breadcrumb\"},\"inLanguage\":\"pt-PT\",\"potentialAction\":[{\"@type\":\"ReadAction\",\"target\":[\"https:\\\/\\\/www.guibutik.pt\\\/loja\\\/produto\\\/sapatilha-wave-m-skechers-2\\\/\"]}]},{\"@type\":\"ImageObject\",\"inLanguage\":\"pt-PT\",\"@id\":\"https:\\\/\\\/www.guibutik.pt\\\/loja\\\/produto\\\/sapatilha-wave-m-skechers-2\\\/#primaryimage\",\"url\":\"https:\\\/\\\/www.guibutik.pt\\\/loja\\\/wp-content\\\/uploads\\\/2026\\\/03\\\/303557L.jpg\",\"contentUrl\":\"https:\\\/\\\/www.guibutik.pt\\\/loja\\\/wp-content\\\/uploads\\\/2026\\\/03\\\/303557L.jpg\",\"width\":800,\"height\":708},{\"@type\":\"BreadcrumbList\",\"@id\":\"https:\\\/\\\/www.guibutik.pt\\\/loja\\\/produto\\\/sapatilha-wave-m-skechers-2\\\/#breadcrumb\",\"itemListElement\":[{\"@type\":\"ListItem\",\"position\":1,\"name\":\"In\u00edcio\",\"item\":\"https:\\\/\\\/www.guibutik.pt\\\/loja\\\/\"},{\"@type\":\"ListItem\",\"position\":2,\"name\":\"Loja\",\"item\":\"https:\\\/\\\/www.guibutik.pt\\\/loja\\\/shop\\\/\"},{\"@type\":\"ListItem\",\"position\":3,\"name\":\"Sapatilha Wave M Skechers\"}]},{\"@type\":\"WebSite\",\"@id\":\"https:\\\/\\\/www.guibutik.pt\\\/loja\\\/#website\",\"url\":\"https:\\\/\\\/www.guibutik.pt\\\/loja\\\/\",\"name\":\"Guibutik\",\"description\":\"Moda e Sapataria\",\"potentialAction\":[{\"@type\":\"SearchAction\",\"target\":{\"@type\":\"EntryPoint\",\"urlTemplate\":\"https:\\\/\\\/www.guibutik.pt\\\/loja\\\/?s={search_term_string}\"},\"query-input\":{\"@type\":\"PropertyValueSpecification\",\"valueRequired\":true,\"valueName\":\"search_term_string\"}}],\"inLanguage\":\"pt-PT\"}]}<\/script>\n<!-- \/ Yoast SEO plugin. -->","yoast_head_json":{"title":"Sapatilha Wave M Skechers - Guibutik","robots":{"index":"index","follow":"follow","max-snippet":"max-snippet:-1","max-image-preview":"max-image-preview:large","max-video-preview":"max-video-preview:-1"},"canonical":"https:\/\/www.guibutik.pt\/loja\/produto\/sapatilha-wave-m-skechers-2\/","og_locale":"pt_PT","og_type":"article","og_title":"Sapatilha Wave M Skechers - Guibutik","og_description":"Acrescenta amortecimento extra confort\u00e1vel a um estilo desportivo com as Skechers Wave 92. Este design ativo tem a parte superior em rede com atacadores el\u00e1sticos, uma tira ajust\u00e1vel no peito do p\u00e9 e palmilhas almofadadas confort\u00e1veis. Adaptive Closure Machine Washable Principais funcionalidades Fecho Adaptativo Skechers simples de p\u00f4r e tirar, para um ajuste personalizado Palmilhas [&hellip;]","og_url":"https:\/\/www.guibutik.pt\/loja\/produto\/sapatilha-wave-m-skechers-2\/","og_site_name":"Guibutik","article_publisher":"https:\/\/www.facebook.com\/guibutik\/","article_modified_time":"2026-03-21T18:45:29+00:00","og_image":[{"width":800,"height":708,"url":"https:\/\/www.guibutik.pt\/loja\/wp-content\/uploads\/2026\/03\/303557L.jpg","type":"image\/jpeg"}],"twitter_card":"summary_large_image","twitter_misc":{"Tempo estimado de leitura":"2 minutos"},"schema":{"@context":"https:\/\/schema.org","@graph":[{"@type":"WebPage","@id":"https:\/\/www.guibutik.pt\/loja\/produto\/sapatilha-wave-m-skechers-2\/","url":"https:\/\/www.guibutik.pt\/loja\/produto\/sapatilha-wave-m-skechers-2\/","name":"Sapatilha Wave M Skechers - Guibutik","isPartOf":{"@id":"https:\/\/www.guibutik.pt\/loja\/#website"},"primaryImageOfPage":{"@id":"https:\/\/www.guibutik.pt\/loja\/produto\/sapatilha-wave-m-skechers-2\/#primaryimage"},"image":{"@id":"https:\/\/www.guibutik.pt\/loja\/produto\/sapatilha-wave-m-skechers-2\/#primaryimage"},"thumbnailUrl":"https:\/\/www.guibutik.pt\/loja\/wp-content\/uploads\/2026\/03\/303557L.jpg","datePublished":"2026-03-12T11:45:05+00:00","dateModified":"2026-03-21T18:45:29+00:00","breadcrumb":{"@id":"https:\/\/www.guibutik.pt\/loja\/produto\/sapatilha-wave-m-skechers-2\/#breadcrumb"},"inLanguage":"pt-PT","potentialAction":[{"@type":"ReadAction","target":["https:\/\/www.guibutik.pt\/loja\/produto\/sapatilha-wave-m-skechers-2\/"]}]},{"@type":"ImageObject","inLanguage":"pt-PT","@id":"https:\/\/www.guibutik.pt\/loja\/produto\/sapatilha-wave-m-skechers-2\/#primaryimage","url":"https:\/\/www.guibutik.pt\/loja\/wp-content\/uploads\/2026\/03\/303557L.jpg","contentUrl":"https:\/\/www.guibutik.pt\/loja\/wp-content\/uploads\/2026\/03\/303557L.jpg","width":800,"height":708},{"@type":"BreadcrumbList","@id":"https:\/\/www.guibutik.pt\/loja\/produto\/sapatilha-wave-m-skechers-2\/#breadcrumb","itemListElement":[{"@type":"ListItem","position":1,"name":"In\u00edcio","item":"https:\/\/www.guibutik.pt\/loja\/"},{"@type":"ListItem","position":2,"name":"Loja","item":"https:\/\/www.guibutik.pt\/loja\/shop\/"},{"@type":"ListItem","position":3,"name":"Sapatilha Wave M Skechers"}]},{"@type":"WebSite","@id":"https:\/\/www.guibutik.pt\/loja\/#website","url":"https:\/\/www.guibutik.pt\/loja\/","name":"Guibutik","description":"Moda e Sapataria","potentialAction":[{"@type":"SearchAction","target":{"@type":"EntryPoint","urlTemplate":"https:\/\/www.guibutik.pt\/loja\/?s={search_term_string}"},"query-input":{"@type":"PropertyValueSpecification","valueRequired":true,"valueName":"search_term_string"}}],"inLanguage":"pt-PT"}]}},"_links":{"self":[{"href":"https:\/\/www.guibutik.pt\/loja\/wp-json\/wp\/v2\/product\/81809","targetHints":{"allow":["GET"]}}],"collection":[{"href":"https:\/\/www.guibutik.pt\/loja\/wp-json\/wp\/v2\/product"}],"about":[{"href":"https:\/\/www.guibutik.pt\/loja\/wp-json\/wp\/v2\/types\/product"}],"replies":[{"embeddable":true,"href":"https:\/\/www.guibutik.pt\/loja\/wp-json\/wp\/v2\/comments?post=81809"}],"wp:featuredmedia":[{"embeddable":true,"href":"https:\/\/www.guibutik.pt\/loja\/wp-json\/wp\/v2\/media\/81810"}],"wp:attachment":[{"href":"https:\/\/www.guibutik.pt\/loja\/wp-json\/wp\/v2\/media?parent=81809"}],"wp:term":[{"taxonomy":"product_cat","embeddable":true,"href":"https:\/\/www.guibutik.pt\/loja\/wp-json\/wp\/v2\/product_cat?post=81809"},{"taxonomy":"product_tag","embeddable":true,"href":"https:\/\/www.guibutik.pt\/loja\/wp-json\/wp\/v2\/product_tag?post=81809"}],"curies":[{"name":"wp","href":"https:\/\/api.w.org\/{rel}","templated":true}]}}